{"id":569,"date":"2018-08-31T09:51:04","date_gmt":"2018-08-31T09:51:04","guid":{"rendered":"http:\/\/mmktpro.com\/activaprospect\/?page_id=569"},"modified":"2019-07-17T07:29:49","modified_gmt":"2019-07-17T07:29:49","slug":"servicios-asistencia-consultoria-estrategia-territorial","status":"publish","type":"page","link":"https:\/\/activaprospect.cat\/es\/empresa\/servicios-asistencia-consultoria-estrategia-territorial\/","title":{"rendered":"Qu\u00e9 servicios ofrecemos"},"content":{"rendered":"<div class=\"wpb-content-wrapper\">[vc_row][vc_column][vc_column_text]El abanico de necesidades de nuestros clientes es variado y requiere soluciones individualizas seg\u00fan criterios e indicadores de evaluaci\u00f3n. Las respuestas que ofrecemos incluyen, parcialmente o en su totalidad, los siguientes servicios.<\/p>\n<h2>Cat\u00e1logo de Servicios de Act\u00edva Prospect:<\/h2>\n[\/vc_column_text][\/vc_column][\/vc_row][vc_row content_placement=\u00bbmiddle\u00bb equal_height=\u00bbyes\u00bb][vc_column width=\u00bb1\/4&#8243;][vc_single_image image=\u00bb15&#8243; alignment=\u00bbcenter\u00bb][\/vc_column][vc_column width=\u00bb3\/4&#8243;]<style>.vcex-heading.vcex_69f347bf56169{font-size:20px;text-transform:uppercase;}<\/style><h3 class=\"vcex-heading vcex-heading-plain vcex-module wpex-heading wpex-text-2xl vc_custom_1525860374770 vcex_69f347bf56169\"><span class=\"vcex-heading-inner wpex-inline-block\">Diagnosis<\/span><\/h3>[vc_column_text]Elaborar un relato del reto que se plantea, con el fin de conocer el punto de partida, identificando y caracterizando los aspectos clave a resolver.[\/vc_column_text][\/vc_column][\/vc_row][vc_row content_placement=\u00bbmiddle\u00bb equal_height=\u00bbyes\u00bb][vc_column width=\u00bb1\/4&#8243;][vc_single_image image=\u00bb16&#8243; alignment=\u00bbcenter\u00bb][\/vc_column][vc_column width=\u00bb3\/4&#8243;]<style>.vcex-heading.vcex_69f347bf574e0{font-size:20px;text-transform:uppercase;}<\/style><h3 class=\"vcex-heading vcex-heading-plain vcex-module wpex-heading wpex-text-2xl vc_custom_1525861542021 vcex_69f347bf574e0\"><span class=\"vcex-heading-inner wpex-inline-block\">Visi\u00f3n y estrategia<\/span><\/h3>[vc_column_text]Formulaci\u00f3n de los objetivos y las estrategias territoriales que promuevan el cambio y la transformaci\u00f3n del mismo, recomendando medidas y soluciones apropiadas.[\/vc_column_text][\/vc_column][\/vc_row][vc_row content_placement=\u00bbmiddle\u00bb equal_height=\u00bbyes\u00bb][vc_column width=\u00bb1\/4&#8243;][vc_single_image image=\u00bb19&#8243; alignment=\u00bbcenter\u00bb][\/vc_column][vc_column width=\u00bb3\/4&#8243;]<style>.vcex-heading.vcex_69f347bf57e6f{font-size:20px;text-transform:uppercase;}<\/style><h3 class=\"vcex-heading vcex-heading-plain vcex-module wpex-heading wpex-text-2xl vc_custom_1525861619989 vcex_69f347bf57e6f\"><span class=\"vcex-heading-inner wpex-inline-block\">Planificaci\u00f3n y concertaci\u00f3n<\/span><\/h3>[vc_column_text]Definir una hoja de ruta operativa y detallada, activando y dinamizando a los agentes implicados en la gesti\u00f3n de cada proyecto.[\/vc_column_text][\/vc_column][\/vc_row][vc_row content_placement=\u00bbmiddle\u00bb equal_height=\u00bbyes\u00bb][vc_column width=\u00bb1\/4&#8243;][vc_single_image image=\u00bb18&#8243; alignment=\u00bbcenter\u00bb][\/vc_column][vc_column width=\u00bb3\/4&#8243;]<style>.vcex-heading.vcex_69f347bf58835{font-size:20px;text-transform:uppercase;}<\/style><h3 class=\"vcex-heading vcex-heading-plain vcex-module wpex-heading wpex-text-2xl vc_custom_1539934958752 vcex_69f347bf58835\"><span class=\"vcex-heading-inner wpex-inline-block\">Gesti\u00f3n de proyectos y servicios<\/span><\/h3>[vc_column_text]Prestaci\u00f3n de la asistencia t\u00e9cnica en la aplicaci\u00f3n o implementaci\u00f3n de medidas propuestas.[\/vc_column_text][\/vc_column][\/vc_row][vc_row content_placement=\u00bbmiddle\u00bb equal_height=\u00bbyes\u00bb][vc_column width=\u00bb1\/4&#8243;][vc_single_image image=\u00bb20&#8243; alignment=\u00bbcenter\u00bb][\/vc_column][vc_column width=\u00bb3\/4&#8243;]<style>.vcex-heading.vcex_69f347bf5903e{font-size:20px;text-transform:uppercase;}<\/style><h3 class=\"vcex-heading vcex-heading-plain vcex-module wpex-heading wpex-text-2xl vc_custom_1525861686382 vcex_69f347bf5903e\"><span class=\"vcex-heading-inner wpex-inline-block\">Evaluaci\u00f3n y seguimiento<\/span><\/h3>[vc_column_text]Dise\u00f1o, formulaci\u00f3n y an\u00e1lisis de indicadores, para el seguimiento y la evaluaci\u00f3n del funcionamiento de las medidas adoptadas o el funcionamiento de una organizaci\u00f3n, de un proyecto o de un servicio. Contamos con criterios e indicadores de evaluaci\u00f3n \u00f3ptimos.[\/vc_column_text][\/vc_column][\/vc_row][vc_row content_placement=\u00bbmiddle\u00bb equal_height=\u00bbyes\u00bb][vc_column width=\u00bb1\/4&#8243;][vc_single_image image=\u00bb17&#8243; alignment=\u00bbcenter\u00bb][\/vc_column][vc_column width=\u00bb3\/4&#8243;]<style>.vcex-heading.vcex_69f347bf5983d{font-size:20px;text-transform:uppercase;}<\/style><h3 class=\"vcex-heading vcex-heading-plain vcex-module wpex-heading wpex-text-2xl vc_custom_1526030497979 vcex_69f347bf5983d\"><span class=\"vcex-heading-inner wpex-inline-block\">Difusi\u00f3n socioecon\u00f3mica<\/span><\/h3>[vc_column_text]Elaboraci\u00f3n de informes de seguimiento y monitorizaci\u00f3n de la econom\u00eda y de su evoluci\u00f3n, de utilidad informativa para el sector empresarial y, en general, para conocer de forma comparada la evoluci\u00f3n de las econom\u00edas territoriales.[\/vc_column_text][\/vc_column][\/vc_row][vc_row content_placement=\u00bbmiddle\u00bb equal_height=\u00bbyes\u00bb][vc_column width=\u00bb1\/4&#8243;][vc_single_image image=\u00bb21&#8243; alignment=\u00bbcenter\u00bb][\/vc_column][vc_column width=\u00bb3\/4&#8243;]<style>.vcex-heading.vcex_69f347bf5a08b{font-size:20px;text-transform:uppercase;}<\/style><h3 class=\"vcex-heading vcex-heading-plain vcex-module wpex-heading wpex-text-2xl vc_custom_1525861806880 vcex_69f347bf5a08b\"><span class=\"vcex-heading-inner wpex-inline-block\">Formaci\u00f3n a medida<\/span><\/h3>[vc_column_text]Definici\u00f3n de contenidos y organizaci\u00f3n de din\u00e1micas a medida de las necesidades de los clientes, en diversos \u00e1mbitos y tambi\u00e9n, seg\u00fan diagn\u00f3stico de necesidades formativas, para reforzar equipos, liderazgos, el clima de las organizaciones, entre otros.[\/vc_column_text][\/vc_column][\/vc_row][vc_row css=\u00bb.vc_custom_1539775959652{margin-bottom: 60px !important;}\u00bb][vc_column][vc_column_text]Bas\u00e1ndonos en estas respuestas, proveemos de forma modular y a medida para nuestros clientes, el siguiente cat\u00e1logo de servicios:<\/p>\n<ul>\n<li>Estudios y diagn\u00f3sticos<\/li>\n<li>Sistemas de apoyo a la toma de decisiones y de difusi\u00f3n socioecon\u00f3mica<\/li>\n<li>Elaboraci\u00f3n de planes y dise\u00f1o de pol\u00edticas<\/li>\n<li>Asistencia t\u00e9cnica y gesti\u00f3n de proyectos; dise\u00f1o de instrumentos<\/li>\n<li>Seguimiento y evaluaci\u00f3n de planes y pol\u00edticas<\/li>\n<li>Proyectos internacionales<\/li>\n<li>Formaci\u00f3n a medida<\/li>\n<li>Organizaci\u00f3n de jornadas, talleres, seminarios y congresos<\/li>\n<\/ul>\n[\/vc_column_text][\/vc_column][\/vc_row]\n<\/div>","protected":false},"excerpt":{"rendered":"<p>[vc_row][vc_column][vc_column_text]El abanico de necesidades de nuestros clientes es variado y requiere soluciones individualizas seg\u00fan criterios e indicadores de evaluaci\u00f3n. Las respuestas que ofrecemos incluyen, parcialmente o en su totalidad, los siguientes servicios. Cat\u00e1logo de Servicios de Act\u00edva Prospect: [\/vc_column_text][\/vc_column][\/vc_row][vc_row content_placement=\u00bbmiddle\u00bb equal_height=\u00bbyes\u00bb][vc_column width=\u00bb1\/4&#8243;][vc_single_image image=\u00bb15&#8243; alignment=\u00bbcenter\u00bb][\/vc_column][vc_column width=\u00bb3\/4&#8243;][vc_column_text]Elaborar un relato del reto que se plantea, con el fin&hellip;<\/p>\n","protected":false},"author":1,"featured_media":0,"parent":553,"menu_order":0,"comment_status":"closed","ping_status":"closed","template":"","meta":{"footnotes":""},"class_list":["post-569","page","type-page","status-publish","hentry","entry","no-media"],"yoast_head":"<!-- This site is optimized with the Yoast SEO plugin v26.8 - https:\/\/yoast.com\/product\/yoast-seo-wordpress\/ -->\n<title>Servicios evaluaci\u00f3n en estrategia territorial y m\u00e1s \u2013 Act\u00edva Prospect<\/title>\n<meta name=\"description\" content=\"Asistencia y consultor\u00eda en Estrategia Territorial, Ocupaci\u00f3n y Bienestar, dando soluciones concretas seg\u00fan criterios e indicadores de evaluaci\u00f3n. M\u00e1s info.\" \/>\n<meta name=\"robots\" content=\"index, follow, max-snippet:-1, max-image-preview:large, max-video-preview:-1\" \/>\n<link rel=\"canonical\" href=\"https:\/\/activaprospect.cat\/es\/empresa\/servicios-asistencia-consultoria-estrategia-territorial\/\" \/>\n<meta property=\"og:locale\" content=\"es_ES\" \/>\n<meta property=\"og:type\" content=\"article\" \/>\n<meta property=\"og:title\" content=\"Servicios evaluaci\u00f3n en estrategia territorial y m\u00e1s \u2013 Act\u00edva Prospect\" \/>\n<meta property=\"og:description\" content=\"Asistencia y consultor\u00eda en Estrategia Territorial, Ocupaci\u00f3n y Bienestar, dando soluciones concretas seg\u00fan criterios e indicadores de evaluaci\u00f3n. M\u00e1s info.\" \/>\n<meta property=\"og:url\" content=\"https:\/\/activaprospect.cat\/es\/empresa\/servicios-asistencia-consultoria-estrategia-territorial\/\" \/>\n<meta property=\"og:site_name\" content=\"Act\u00edva Prospect\" \/>\n<meta property=\"article:modified_time\" content=\"2019-07-17T07:29:49+00:00\" \/>\n<meta name=\"twitter:card\" content=\"summary_large_image\" \/>\n<meta name=\"twitter:site\" content=\"@activaprospect\" \/>\n<meta name=\"twitter:label1\" content=\"Tiempo de lectura\" \/>\n\t<meta name=\"twitter:data1\" content=\"4 minutos\" \/>\n<script type=\"application\/ld+json\" class=\"yoast-schema-graph\">{\"@context\":\"https:\/\/schema.org\",\"@graph\":[{\"@type\":\"WebPage\",\"@id\":\"https:\/\/activaprospect.cat\/es\/empresa\/servicios-asistencia-consultoria-estrategia-territorial\/\",\"url\":\"https:\/\/activaprospect.cat\/es\/empresa\/servicios-asistencia-consultoria-estrategia-territorial\/\",\"name\":\"Servicios evaluaci\u00f3n en estrategia territorial y m\u00e1s \u2013 Act\u00edva Prospect\",\"isPartOf\":{\"@id\":\"https:\/\/activaprospect.cat\/es\/#website\"},\"datePublished\":\"2018-08-31T09:51:04+00:00\",\"dateModified\":\"2019-07-17T07:29:49+00:00\",\"description\":\"Asistencia y consultor\u00eda en Estrategia Territorial, Ocupaci\u00f3n y Bienestar, dando soluciones concretas seg\u00fan criterios e indicadores de evaluaci\u00f3n. M\u00e1s info.\",\"breadcrumb\":{\"@id\":\"https:\/\/activaprospect.cat\/es\/empresa\/servicios-asistencia-consultoria-estrategia-territorial\/#breadcrumb\"},\"inLanguage\":\"es\",\"potentialAction\":[{\"@type\":\"ReadAction\",\"target\":[\"https:\/\/activaprospect.cat\/es\/empresa\/servicios-asistencia-consultoria-estrategia-territorial\/\"]}]},{\"@type\":\"BreadcrumbList\",\"@id\":\"https:\/\/activaprospect.cat\/es\/empresa\/servicios-asistencia-consultoria-estrategia-territorial\/#breadcrumb\",\"itemListElement\":[{\"@type\":\"ListItem\",\"position\":1,\"name\":\"Inici\",\"item\":\"https:\/\/activaprospect.cat\/es\/\"},{\"@type\":\"ListItem\",\"position\":2,\"name\":\"Empresa\",\"item\":\"https:\/\/activaprospect.cat\/es\/empresa\/\"},{\"@type\":\"ListItem\",\"position\":3,\"name\":\"Qu\u00e9 servicios ofrecemos\"}]},{\"@type\":\"WebSite\",\"@id\":\"https:\/\/activaprospect.cat\/es\/#website\",\"url\":\"https:\/\/activaprospect.cat\/es\/\",\"name\":\"Act\u00edva Prospect\",\"description\":\"Serveis de recerca, consultoria i assist&egrave;ncia t&egrave;cnica per la implementaci&oacute; de pol&iacute;tiques i projectes en l&#039;&agrave;mbit econ&ograve;mic i social\",\"publisher\":{\"@id\":\"https:\/\/activaprospect.cat\/es\/#organization\"},\"potentialAction\":[{\"@type\":\"SearchAction\",\"target\":{\"@type\":\"EntryPoint\",\"urlTemplate\":\"https:\/\/activaprospect.cat\/es\/?s={search_term_string}\"},\"query-input\":{\"@type\":\"PropertyValueSpecification\",\"valueRequired\":true,\"valueName\":\"search_term_string\"}}],\"inLanguage\":\"es\"},{\"@type\":\"Organization\",\"@id\":\"https:\/\/activaprospect.cat\/es\/#organization\",\"name\":\"ACT\u00cdVA PROSPECT Research & Solutions, S.L.\",\"url\":\"https:\/\/activaprospect.cat\/es\/\",\"logo\":{\"@type\":\"ImageObject\",\"inLanguage\":\"es\",\"@id\":\"https:\/\/activaprospect.cat\/es\/#\/schema\/logo\/image\/\",\"url\":\"https:\/\/activaprospect.cat\/wp-content\/uploads\/2018\/01\/logo-activa.png\",\"contentUrl\":\"https:\/\/activaprospect.cat\/wp-content\/uploads\/2018\/01\/logo-activa.png\",\"width\":365,\"height\":130,\"caption\":\"ACT\u00cdVA PROSPECT Research & Solutions, S.L.\"},\"image\":{\"@id\":\"https:\/\/activaprospect.cat\/es\/#\/schema\/logo\/image\/\"},\"sameAs\":[\"https:\/\/x.com\/activaprospect\",\"https:\/\/www.linkedin.com\/company\/activa-prospect\"]}]}<\/script>\n<!-- \/ Yoast SEO plugin. -->","yoast_head_json":{"title":"Servicios evaluaci\u00f3n en estrategia territorial y m\u00e1s \u2013 Act\u00edva Prospect","description":"Asistencia y consultor\u00eda en Estrategia Territorial, Ocupaci\u00f3n y Bienestar, dando soluciones concretas seg\u00fan criterios e indicadores de evaluaci\u00f3n. M\u00e1s info.","robots":{"index":"index","follow":"follow","max-snippet":"max-snippet:-1","max-image-preview":"max-image-preview:large","max-video-preview":"max-video-preview:-1"},"canonical":"https:\/\/activaprospect.cat\/es\/empresa\/servicios-asistencia-consultoria-estrategia-territorial\/","og_locale":"es_ES","og_type":"article","og_title":"Servicios evaluaci\u00f3n en estrategia territorial y m\u00e1s \u2013 Act\u00edva Prospect","og_description":"Asistencia y consultor\u00eda en Estrategia Territorial, Ocupaci\u00f3n y Bienestar, dando soluciones concretas seg\u00fan criterios e indicadores de evaluaci\u00f3n. M\u00e1s info.","og_url":"https:\/\/activaprospect.cat\/es\/empresa\/servicios-asistencia-consultoria-estrategia-territorial\/","og_site_name":"Act\u00edva Prospect","article_modified_time":"2019-07-17T07:29:49+00:00","twitter_card":"summary_large_image","twitter_site":"@activaprospect","twitter_misc":{"Tiempo de lectura":"4 minutos"},"schema":{"@context":"https:\/\/schema.org","@graph":[{"@type":"WebPage","@id":"https:\/\/activaprospect.cat\/es\/empresa\/servicios-asistencia-consultoria-estrategia-territorial\/","url":"https:\/\/activaprospect.cat\/es\/empresa\/servicios-asistencia-consultoria-estrategia-territorial\/","name":"Servicios evaluaci\u00f3n en estrategia territorial y m\u00e1s \u2013 Act\u00edva Prospect","isPartOf":{"@id":"https:\/\/activaprospect.cat\/es\/#website"},"datePublished":"2018-08-31T09:51:04+00:00","dateModified":"2019-07-17T07:29:49+00:00","description":"Asistencia y consultor\u00eda en Estrategia Territorial, Ocupaci\u00f3n y Bienestar, dando soluciones concretas seg\u00fan criterios e indicadores de evaluaci\u00f3n. M\u00e1s info.","breadcrumb":{"@id":"https:\/\/activaprospect.cat\/es\/empresa\/servicios-asistencia-consultoria-estrategia-territorial\/#breadcrumb"},"inLanguage":"es","potentialAction":[{"@type":"ReadAction","target":["https:\/\/activaprospect.cat\/es\/empresa\/servicios-asistencia-consultoria-estrategia-territorial\/"]}]},{"@type":"BreadcrumbList","@id":"https:\/\/activaprospect.cat\/es\/empresa\/servicios-asistencia-consultoria-estrategia-territorial\/#breadcrumb","itemListElement":[{"@type":"ListItem","position":1,"name":"Inici","item":"https:\/\/activaprospect.cat\/es\/"},{"@type":"ListItem","position":2,"name":"Empresa","item":"https:\/\/activaprospect.cat\/es\/empresa\/"},{"@type":"ListItem","position":3,"name":"Qu\u00e9 servicios ofrecemos"}]},{"@type":"WebSite","@id":"https:\/\/activaprospect.cat\/es\/#website","url":"https:\/\/activaprospect.cat\/es\/","name":"Act\u00edva Prospect","description":"Serveis de recerca, consultoria i assist&egrave;ncia t&egrave;cnica per la implementaci&oacute; de pol&iacute;tiques i projectes en l&#039;&agrave;mbit econ&ograve;mic i social","publisher":{"@id":"https:\/\/activaprospect.cat\/es\/#organization"},"potentialAction":[{"@type":"SearchAction","target":{"@type":"EntryPoint","urlTemplate":"https:\/\/activaprospect.cat\/es\/?s={search_term_string}"},"query-input":{"@type":"PropertyValueSpecification","valueRequired":true,"valueName":"search_term_string"}}],"inLanguage":"es"},{"@type":"Organization","@id":"https:\/\/activaprospect.cat\/es\/#organization","name":"ACT\u00cdVA PROSPECT Research & Solutions, S.L.","url":"https:\/\/activaprospect.cat\/es\/","logo":{"@type":"ImageObject","inLanguage":"es","@id":"https:\/\/activaprospect.cat\/es\/#\/schema\/logo\/image\/","url":"https:\/\/activaprospect.cat\/wp-content\/uploads\/2018\/01\/logo-activa.png","contentUrl":"https:\/\/activaprospect.cat\/wp-content\/uploads\/2018\/01\/logo-activa.png","width":365,"height":130,"caption":"ACT\u00cdVA PROSPECT Research & Solutions, S.L."},"image":{"@id":"https:\/\/activaprospect.cat\/es\/#\/schema\/logo\/image\/"},"sameAs":["https:\/\/x.com\/activaprospect","https:\/\/www.linkedin.com\/company\/activa-prospect"]}]}},"_links":{"self":[{"href":"https:\/\/activaprospect.cat\/es\/wp-json\/wp\/v2\/pages\/569","targetHints":{"allow":["GET"]}}],"collection":[{"href":"https:\/\/activaprospect.cat\/es\/wp-json\/wp\/v2\/pages"}],"about":[{"href":"https:\/\/activaprospect.cat\/es\/wp-json\/wp\/v2\/types\/page"}],"author":[{"embeddable":true,"href":"https:\/\/activaprospect.cat\/es\/wp-json\/wp\/v2\/users\/1"}],"replies":[{"embeddable":true,"href":"https:\/\/activaprospect.cat\/es\/wp-json\/wp\/v2\/comments?post=569"}],"version-history":[{"count":0,"href":"https:\/\/activaprospect.cat\/es\/wp-json\/wp\/v2\/pages\/569\/revisions"}],"up":[{"embeddable":true,"href":"https:\/\/activaprospect.cat\/es\/wp-json\/wp\/v2\/pages\/553"}],"wp:attachment":[{"href":"https:\/\/activaprospect.cat\/es\/wp-json\/wp\/v2\/media?parent=569"}],"curies":[{"name":"wp","href":"https:\/\/api.w.org\/{rel}","templated":true}]}}